{"id":7372,"date":"2025-01-26T16:38:41","date_gmt":"2025-01-26T16:38:41","guid":{"rendered":"https:\/\/voz4all.com\/?post_type=product&#038;p=7372"},"modified":"2025-01-27T15:50:31","modified_gmt":"2025-01-27T15:50:31","slug":"toys-dreams-coro","status":"publish","type":"product","link":"https:\/\/voz4all.com\/index.php\/producto\/toys-dreams-coro\/","title":{"rendered":"TOYS-DREAMS para CORO"},"content":{"rendered":"<p>TOYS DREAMS PARA CORO con acompa\u00f1amiento de piano, utiliza escritura convencional y contempor\u00e1nea.<br \/>\nCon un comienzo efectista en el que se pide el movimiento de cada uno de los miembros del coro y la creaci\u00f3n de una atm\u00f3sfera que centra la atenci\u00f3n del p\u00fablico en la configuraci\u00f3n del grupo.<\/p>\n<p><span style=\"color: #ff0000;\"><strong>Sobre su compositora<\/strong><\/span><\/p>\n<p><b><img fetchpriority=\"high\" decoding=\"async\" class=\"alignnone size-medium wp-image-4101\" src=\"https:\/\/voz4all.com\/wp-content\/uploads\/2023\/03\/6-202x300.jpg\" alt=\"\" width=\"202\" height=\"300\" srcset=\"https:\/\/voz4all.com\/wp-content\/uploads\/2023\/03\/6-202x300.jpg 202w, https:\/\/voz4all.com\/wp-content\/uploads\/2023\/03\/6-691x1024.jpg 691w, https:\/\/voz4all.com\/wp-content\/uploads\/2023\/03\/6-768x1139.jpg 768w, https:\/\/voz4all.com\/wp-content\/uploads\/2023\/03\/6-1036x1536.jpg 1036w, https:\/\/voz4all.com\/wp-content\/uploads\/2023\/03\/6-1381x2048.jpg 1381w, https:\/\/voz4all.com\/wp-content\/uploads\/2023\/03\/6-600x890.jpg 600w, https:\/\/voz4all.com\/wp-content\/uploads\/2023\/03\/6-scaled.jpg 1727w\" sizes=\"(max-width: 202px) 100vw, 202px\" \/>\u00a0 \u00a0\u00a0<\/b><\/p>\n<p><b>Pilar Jurado<\/b> es una de las figuras m\u00e1s singulares de la m\u00fasica cl\u00e1sica europea. Compositora, cantante y directora de orquesta, ha sido la primera mujer en la historia que ha recibido un encargo del Teatro Real para componer una \u00f3pera, <b><i>La p\u00e1gina en blanco<\/i><\/b>, siendo adem\u00e1s la autora del libreto e interpretando uno de los papeles protagonistas, que fue estrenada en su Sala Principal con ocho representaciones y una repercusi\u00f3n nacional e internacional sin precedentes.<\/p>\n<p>Ha actuado junto a algunas de las m\u00e1s importantes orquestas del mundo como la London Symphony Orchestra, Orchestra Sinfonica Nazionale della RAI,<span class=\"Apple-converted-space\">\u00a0 <\/span>Orquesta Filarm\u00f3nica de Helsinki, Orchestre Philharmonique de Strasbourg, Orquesta Nacional de Espa\u00f1a, Orquesta Sinf\u00f3nica y Coro de la RTVE, entre otras, bajo la batuta de reconocidos directores como G. Sinopoli, J. Levine, R. Fr\u00fcbeck de Burgos, A. Tamayo, G. Noseda, E. Garc\u00eda Asensio, A. Ros Marb\u00e1, J. R. Encinar, Beat Furrer, Kuame Ryan, L. Pfaff, E. P. Salonen, M. Sch\u00f8ntwandt\u2026<\/p>\n<p>Como compositora ha estrenado m\u00e1s de 120 obras y ha recibido encargos de importantes instituciones, festivales internacionales y teatros de \u00f3pera como el Teatro Real, Teatro de la Zarzuela, Teatro de la Maestranza de Sevilla, Vlaanderen Festival, Orquesta y Coro Nacionales de Espa\u00f1a, Orquesta Sinf\u00f3nica Nacional de M\u00e9xico, Festival Musica Strasbourg y la Deutsche Oper Berlin, entre otros.<\/p>\n<p>En el \u00e1mbito de la gesti\u00f3n cultural ha tenido una destacable trayectoria, habiendo sido la \u00fanica artista espa\u00f1ola que ha abierto como \u2018Keynote Speaker\u2019 la sesi\u00f3n del Parlamento Europeo. Ha sido miembro del Consejo Nacional de las Artes Esc\u00e9nicas y de la M\u00fasica y del Consejo Art\u00edstico de la M\u00fasica del Ministerio de Cultura, Consejera y miembro de la Comisi\u00f3n Permanente de AIE y Presidenta de SGAE. En la actualidad est\u00e1 en la Junta Directiva de la Academia de las Artes Esc\u00e9nicas y preside la Academia Europea del Arte Vocal y la Comisi\u00f3n de Cultura y Mecenazgo de la Fundaci\u00f3n Zaballos.<\/p>\n<p>Ha recibido numerosos premios nacionales e internacionales a lo largo de su carrera y la revista Forbes la ha situado entre las 20 mujeres espa\u00f1olas m\u00e1s influyentes.<\/p>\n","protected":false},"excerpt":{"rendered":"<p>TOYS DREAMS PARA CORO es una pieza para coro mixto a 4 voces y piano, con m\u00fasica y texto de Pilar Jurado (2025), \u00a0que pertenece a un grupo de piezas de t\u00edtulo hom\u00f3nimo para diferente instrumentaci\u00f3n. <span style=\"color: #ff6600;\"><a style=\"color: #ff6600;\" href=\"https:\/\/voz4all.com\/index.php\/producto\/toys-dreams-suite\/\"><em>Ver TOYS DREAMS SUITE para piano a 4 manos<\/em><\/a><\/span><\/p>\n<p>Duraci\u00f3n aproximada 5&#8242; 30&#8243;<\/p>\n<p>[Dificultad media]<\/p>\n<p>Ideales para trabajar como parte \u00a0del repertorio de una formaci\u00f3n coral o del repertorio acad\u00e9mico en conservatorios o escuelas de m\u00fasica de grado medio.<\/p>\n","protected":false},"featured_media":7374,"comment_status":"open","ping_status":"closed","template":"","meta":{"site-sidebar-layout":"default","site-content-layout":"","ast-site-content-layout":"default","site-content-style":"default","site-sidebar-style":"default","ast-global-header-display":"","ast-banner-title-visibility":"","ast-main-header-display":"","ast-hfb-above-header-display":"","ast-hfb-below-header-display":"","ast-hfb-mobile-header-display":"","site-post-title":"","ast-breadcrumbs-content":"","ast-featured-img":"","footer-sml-layout":"","ast-disable-related-posts":"","theme-transparent-header-meta":"default","adv-header-id-meta":"","stick-header-meta":"","header-above-stick-meta":"","header-main-stick-meta":"","header-below-stick-meta":"","astra-migrate-meta-layouts":"set","ast-page-background-enabled":"default","ast-page-background-meta":{"desktop":{"background-color":"","background-image":"","background-repeat":"repeat","background-position":"center center","background-size":"auto","background-attachment":"scroll","background-type":"","background-media":"","overlay-type":"","overlay-color":"","overlay-opacity":"","overlay-gradient":""},"tablet":{"background-color":"","background-image":"","background-repeat":"repeat","background-position":"center center","background-size":"auto","background-attachment":"scroll","background-type":"","background-media":"","overlay-type":"","overlay-color":"","overlay-opacity":"","overlay-gradient":""},"mobile":{"background-color":"","background-image":"","background-repeat":"repeat","background-position":"center center","background-size":"auto","background-attachment":"scroll","background-type":"","background-media":"","overlay-type":"","overlay-color":"","overlay-opacity":"","overlay-gradient":""}},"ast-content-background-meta":{"desktop":{"background-color":"var(--ast-global-color-5)","background-image":"","background-repeat":"repeat","background-position":"center center","background-size":"auto","background-attachment":"scroll","background-type":"","background-media":"","overlay-type":"","overlay-color":"","overlay-opacity":"","overlay-gradient":""},"tablet":{"background-color":"var(--ast-global-color-5)","background-image":"","background-repeat":"repeat","background-position":"center center","background-size":"auto","background-attachment":"scroll","background-type":"","background-media":"","overlay-type":"","overlay-color":"","overlay-opacity":"","overlay-gradient":""},"mobile":{"background-color":"var(--ast-global-color-5)","background-image":"","background-repeat":"repeat","background-position":"center center","background-size":"auto","background-attachment":"scroll","background-type":"","background-media":"","overlay-type":"","overlay-color":"","overlay-opacity":"","overlay-gradient":""}}},"product_brand":[],"product_cat":[54],"product_tag":[],"class_list":{"0":"post-7372","1":"product","2":"type-product","3":"status-publish","4":"has-post-thumbnail","6":"product_cat-partituras","7":"desktop-align-left","8":"tablet-align-left","9":"mobile-align-left","11":"first","12":"instock","13":"downloadable","14":"taxable","15":"shipping-taxable","16":"purchasable","17":"product-type-simple"},"yoast_head":"<!-- This site is optimized with the Yoast SEO plugin v27.5 - https:\/\/yoast.com\/product\/yoast-seo-wordpress\/ -->\n<title>TOYS-DREAMS para CORO - Academia Europea del Arte Vocal<\/title>\n<meta name=\"description\" content=\"Pieza para coro mixto y piano, compuesta por Pilar Jurado, que pertenece a un grupo de piezas de t\u00edtulo hom\u00f3nimo para diferente instrumentaci\u00f3n.\" \/>\n<meta name=\"robots\" content=\"index, follow, max-snippet:-1, max-image-preview:large, max-video-preview:-1\" \/>\n<link rel=\"canonical\" href=\"https:\/\/voz4all.com\/index.php\/producto\/toys-dreams-coro\/\" \/>\n<meta property=\"og:locale\" content=\"es_ES\" \/>\n<meta property=\"og:type\" content=\"article\" \/>\n<meta property=\"og:title\" content=\"TOYS-DREAMS para CORO - Academia Europea del Arte Vocal\" \/>\n<meta property=\"og:description\" content=\"Pieza para coro mixto y piano, compuesta por Pilar Jurado, que pertenece a un grupo de piezas de t\u00edtulo hom\u00f3nimo para diferente instrumentaci\u00f3n.\" \/>\n<meta property=\"og:url\" content=\"https:\/\/voz4all.com\/index.php\/producto\/toys-dreams-coro\/\" \/>\n<meta property=\"og:site_name\" content=\"Academia Europea del Arte Vocal\" \/>\n<meta property=\"article:modified_time\" content=\"2025-01-27T15:50:31+00:00\" \/>\n<meta property=\"og:image\" content=\"https:\/\/voz4all.com\/wp-content\/uploads\/2025\/01\/PORTADA-TOYS-DREAMS-CORO-cuadrado.001.jpeg\" \/>\n\t<meta property=\"og:image:width\" content=\"600\" \/>\n\t<meta property=\"og:image:height\" content=\"600\" \/>\n\t<meta property=\"og:image:type\" content=\"image\/jpeg\" \/>\n<meta name=\"twitter:card\" content=\"summary_large_image\" \/>\n<meta name=\"twitter:label1\" content=\"Tiempo de lectura\" \/>\n\t<meta name=\"twitter:data1\" content=\"3 minutos\" \/>\n<script type=\"application\/ld+json\" class=\"yoast-schema-graph\">{\"@context\":\"https:\\\/\\\/schema.org\",\"@graph\":[{\"@type\":\"WebPage\",\"@id\":\"https:\\\/\\\/voz4all.com\\\/index.php\\\/producto\\\/toys-dreams-coro\\\/\",\"url\":\"https:\\\/\\\/voz4all.com\\\/index.php\\\/producto\\\/toys-dreams-coro\\\/\",\"name\":\"TOYS-DREAMS para CORO - Academia Europea del Arte Vocal\",\"isPartOf\":{\"@id\":\"https:\\\/\\\/voz4all.com\\\/#website\"},\"primaryImageOfPage\":{\"@id\":\"https:\\\/\\\/voz4all.com\\\/index.php\\\/producto\\\/toys-dreams-coro\\\/#primaryimage\"},\"image\":{\"@id\":\"https:\\\/\\\/voz4all.com\\\/index.php\\\/producto\\\/toys-dreams-coro\\\/#primaryimage\"},\"thumbnailUrl\":\"https:\\\/\\\/voz4all.com\\\/wp-content\\\/uploads\\\/2025\\\/01\\\/PORTADA-TOYS-DREAMS-CORO-cuadrado.001.jpeg\",\"datePublished\":\"2025-01-26T16:38:41+00:00\",\"dateModified\":\"2025-01-27T15:50:31+00:00\",\"description\":\"Pieza para coro mixto y piano, compuesta por Pilar Jurado, que pertenece a un grupo de piezas de t\u00edtulo hom\u00f3nimo para diferente instrumentaci\u00f3n.\",\"breadcrumb\":{\"@id\":\"https:\\\/\\\/voz4all.com\\\/index.php\\\/producto\\\/toys-dreams-coro\\\/#breadcrumb\"},\"inLanguage\":\"es\",\"potentialAction\":[{\"@type\":\"ReadAction\",\"target\":[\"https:\\\/\\\/voz4all.com\\\/index.php\\\/producto\\\/toys-dreams-coro\\\/\"]}]},{\"@type\":\"ImageObject\",\"inLanguage\":\"es\",\"@id\":\"https:\\\/\\\/voz4all.com\\\/index.php\\\/producto\\\/toys-dreams-coro\\\/#primaryimage\",\"url\":\"https:\\\/\\\/voz4all.com\\\/wp-content\\\/uploads\\\/2025\\\/01\\\/PORTADA-TOYS-DREAMS-CORO-cuadrado.001.jpeg\",\"contentUrl\":\"https:\\\/\\\/voz4all.com\\\/wp-content\\\/uploads\\\/2025\\\/01\\\/PORTADA-TOYS-DREAMS-CORO-cuadrado.001.jpeg\",\"width\":600,\"height\":600},{\"@type\":\"BreadcrumbList\",\"@id\":\"https:\\\/\\\/voz4all.com\\\/index.php\\\/producto\\\/toys-dreams-coro\\\/#breadcrumb\",\"itemListElement\":[{\"@type\":\"ListItem\",\"position\":1,\"name\":\"Portada\",\"item\":\"https:\\\/\\\/voz4all.com\\\/\"},{\"@type\":\"ListItem\",\"position\":2,\"name\":\"Tienda\",\"item\":\"https:\\\/\\\/voz4all.com\\\/index.php\\\/tienda\\\/\"},{\"@type\":\"ListItem\",\"position\":3,\"name\":\"TOYS-DREAMS para CORO\"}]},{\"@type\":\"WebSite\",\"@id\":\"https:\\\/\\\/voz4all.com\\\/#website\",\"url\":\"https:\\\/\\\/voz4all.com\\\/\",\"name\":\"Academia Europea del Arte Vocal\",\"description\":\"Academia de Alto Rendimiento para la Voz y sus profesionales\",\"publisher\":{\"@id\":\"https:\\\/\\\/voz4all.com\\\/#organization\"},\"potentialAction\":[{\"@type\":\"SearchAction\",\"target\":{\"@type\":\"EntryPoint\",\"urlTemplate\":\"https:\\\/\\\/voz4all.com\\\/?s={search_term_string}\"},\"query-input\":{\"@type\":\"PropertyValueSpecification\",\"valueRequired\":true,\"valueName\":\"search_term_string\"}}],\"inLanguage\":\"es\"},{\"@type\":\"Organization\",\"@id\":\"https:\\\/\\\/voz4all.com\\\/#organization\",\"name\":\"Academia Europea del Arte Vocal\",\"url\":\"https:\\\/\\\/voz4all.com\\\/\",\"logo\":{\"@type\":\"ImageObject\",\"inLanguage\":\"es\",\"@id\":\"https:\\\/\\\/voz4all.com\\\/#\\\/schema\\\/logo\\\/image\\\/\",\"url\":\"https:\\\/\\\/voz4all.com\\\/wp-content\\\/uploads\\\/2021\\\/08\\\/cropped-AEAV-LOGO-OK-2021-08-15-a-las-1.31.50.png\",\"contentUrl\":\"https:\\\/\\\/voz4all.com\\\/wp-content\\\/uploads\\\/2021\\\/08\\\/cropped-AEAV-LOGO-OK-2021-08-15-a-las-1.31.50.png\",\"width\":942,\"height\":846,\"caption\":\"Academia Europea del Arte Vocal\"},\"image\":{\"@id\":\"https:\\\/\\\/voz4all.com\\\/#\\\/schema\\\/logo\\\/image\\\/\"}}]}<\/script>\n<!-- \/ Yoast SEO plugin. -->","yoast_head_json":{"title":"TOYS-DREAMS para CORO - Academia Europea del Arte Vocal","description":"Pieza para coro mixto y piano, compuesta por Pilar Jurado, que pertenece a un grupo de piezas de t\u00edtulo hom\u00f3nimo para diferente instrumentaci\u00f3n.","robots":{"index":"index","follow":"follow","max-snippet":"max-snippet:-1","max-image-preview":"max-image-preview:large","max-video-preview":"max-video-preview:-1"},"canonical":"https:\/\/voz4all.com\/index.php\/producto\/toys-dreams-coro\/","og_locale":"es_ES","og_type":"article","og_title":"TOYS-DREAMS para CORO - Academia Europea del Arte Vocal","og_description":"Pieza para coro mixto y piano, compuesta por Pilar Jurado, que pertenece a un grupo de piezas de t\u00edtulo hom\u00f3nimo para diferente instrumentaci\u00f3n.","og_url":"https:\/\/voz4all.com\/index.php\/producto\/toys-dreams-coro\/","og_site_name":"Academia Europea del Arte Vocal","article_modified_time":"2025-01-27T15:50:31+00:00","og_image":[{"width":600,"height":600,"url":"https:\/\/voz4all.com\/wp-content\/uploads\/2025\/01\/PORTADA-TOYS-DREAMS-CORO-cuadrado.001.jpeg","type":"image\/jpeg"}],"twitter_card":"summary_large_image","twitter_misc":{"Tiempo de lectura":"3 minutos"},"schema":{"@context":"https:\/\/schema.org","@graph":[{"@type":"WebPage","@id":"https:\/\/voz4all.com\/index.php\/producto\/toys-dreams-coro\/","url":"https:\/\/voz4all.com\/index.php\/producto\/toys-dreams-coro\/","name":"TOYS-DREAMS para CORO - Academia Europea del Arte Vocal","isPartOf":{"@id":"https:\/\/voz4all.com\/#website"},"primaryImageOfPage":{"@id":"https:\/\/voz4all.com\/index.php\/producto\/toys-dreams-coro\/#primaryimage"},"image":{"@id":"https:\/\/voz4all.com\/index.php\/producto\/toys-dreams-coro\/#primaryimage"},"thumbnailUrl":"https:\/\/voz4all.com\/wp-content\/uploads\/2025\/01\/PORTADA-TOYS-DREAMS-CORO-cuadrado.001.jpeg","datePublished":"2025-01-26T16:38:41+00:00","dateModified":"2025-01-27T15:50:31+00:00","description":"Pieza para coro mixto y piano, compuesta por Pilar Jurado, que pertenece a un grupo de piezas de t\u00edtulo hom\u00f3nimo para diferente instrumentaci\u00f3n.","breadcrumb":{"@id":"https:\/\/voz4all.com\/index.php\/producto\/toys-dreams-coro\/#breadcrumb"},"inLanguage":"es","potentialAction":[{"@type":"ReadAction","target":["https:\/\/voz4all.com\/index.php\/producto\/toys-dreams-coro\/"]}]},{"@type":"ImageObject","inLanguage":"es","@id":"https:\/\/voz4all.com\/index.php\/producto\/toys-dreams-coro\/#primaryimage","url":"https:\/\/voz4all.com\/wp-content\/uploads\/2025\/01\/PORTADA-TOYS-DREAMS-CORO-cuadrado.001.jpeg","contentUrl":"https:\/\/voz4all.com\/wp-content\/uploads\/2025\/01\/PORTADA-TOYS-DREAMS-CORO-cuadrado.001.jpeg","width":600,"height":600},{"@type":"BreadcrumbList","@id":"https:\/\/voz4all.com\/index.php\/producto\/toys-dreams-coro\/#breadcrumb","itemListElement":[{"@type":"ListItem","position":1,"name":"Portada","item":"https:\/\/voz4all.com\/"},{"@type":"ListItem","position":2,"name":"Tienda","item":"https:\/\/voz4all.com\/index.php\/tienda\/"},{"@type":"ListItem","position":3,"name":"TOYS-DREAMS para CORO"}]},{"@type":"WebSite","@id":"https:\/\/voz4all.com\/#website","url":"https:\/\/voz4all.com\/","name":"Academia Europea del Arte Vocal","description":"Academia de Alto Rendimiento para la Voz y sus profesionales","publisher":{"@id":"https:\/\/voz4all.com\/#organization"},"potentialAction":[{"@type":"SearchAction","target":{"@type":"EntryPoint","urlTemplate":"https:\/\/voz4all.com\/?s={search_term_string}"},"query-input":{"@type":"PropertyValueSpecification","valueRequired":true,"valueName":"search_term_string"}}],"inLanguage":"es"},{"@type":"Organization","@id":"https:\/\/voz4all.com\/#organization","name":"Academia Europea del Arte Vocal","url":"https:\/\/voz4all.com\/","logo":{"@type":"ImageObject","inLanguage":"es","@id":"https:\/\/voz4all.com\/#\/schema\/logo\/image\/","url":"https:\/\/voz4all.com\/wp-content\/uploads\/2021\/08\/cropped-AEAV-LOGO-OK-2021-08-15-a-las-1.31.50.png","contentUrl":"https:\/\/voz4all.com\/wp-content\/uploads\/2021\/08\/cropped-AEAV-LOGO-OK-2021-08-15-a-las-1.31.50.png","width":942,"height":846,"caption":"Academia Europea del Arte Vocal"},"image":{"@id":"https:\/\/voz4all.com\/#\/schema\/logo\/image\/"}}]}},"_links":{"self":[{"href":"https:\/\/voz4all.com\/index.php\/wp-json\/wp\/v2\/product\/7372","targetHints":{"allow":["GET"]}}],"collection":[{"href":"https:\/\/voz4all.com\/index.php\/wp-json\/wp\/v2\/product"}],"about":[{"href":"https:\/\/voz4all.com\/index.php\/wp-json\/wp\/v2\/types\/product"}],"replies":[{"embeddable":true,"href":"https:\/\/voz4all.com\/index.php\/wp-json\/wp\/v2\/comments?post=7372"}],"version-history":[{"count":1,"href":"https:\/\/voz4all.com\/index.php\/wp-json\/wp\/v2\/product\/7372\/revisions"}],"predecessor-version":[{"id":7376,"href":"https:\/\/voz4all.com\/index.php\/wp-json\/wp\/v2\/product\/7372\/revisions\/7376"}],"wp:featuredmedia":[{"embeddable":true,"href":"https:\/\/voz4all.com\/index.php\/wp-json\/wp\/v2\/media\/7374"}],"wp:attachment":[{"href":"https:\/\/voz4all.com\/index.php\/wp-json\/wp\/v2\/media?parent=7372"}],"wp:term":[{"taxonomy":"product_brand","embeddable":true,"href":"https:\/\/voz4all.com\/index.php\/wp-json\/wp\/v2\/product_brand?post=7372"},{"taxonomy":"product_cat","embeddable":true,"href":"https:\/\/voz4all.com\/index.php\/wp-json\/wp\/v2\/product_cat?post=7372"},{"taxonomy":"product_tag","embeddable":true,"href":"https:\/\/voz4all.com\/index.php\/wp-json\/wp\/v2\/product_tag?post=7372"}],"curies":[{"name":"wp","href":"https:\/\/api.w.org\/{rel}","templated":true}]}}